{"id":30593,"date":"2024-08-19T09:20:22","date_gmt":"2024-08-19T07:20:22","guid":{"rendered":"https:\/\/www.chateauartigny.com\/ideas-de-visitas\/week-end-de-2-jours-en-val-de-loire-en-partant-de-paris\/"},"modified":"2025-05-26T17:17:45","modified_gmt":"2025-05-26T15:17:45","slug":"fin-de-semana-de-2-dias-en-el-valle-del-loira-desde-paris","status":"publish","type":"page","link":"https:\/\/www.chateauartigny.com\/es\/ideas-viajes\/fin-de-semana-de-2-dias-en-el-valle-del-loira-desde-paris\/","title":{"rendered":"Fin de semana de 2 d\u00edas en el Valle del Loira desde Par\u00eds"},"content":{"rendered":"<p><div class=\"fusion-fullwidth fullwidth-box fusion-builder-row-1 fusion-flex-container has-pattern-background has-mask-background hundred-percent-fullwidth non-hundred-percent-height-scrolling\" style=\"--awb-border-radius-top-left:0px;--awb-border-radius-top-right:0px;--awb-border-radius-bottom-right:0px;--awb-border-radius-bottom-left:0px;--awb-padding-top:40px;--awb-margin-top:40px;--awb-flex-wrap:wrap;\" ><div class=\"fusion-builder-row fusion-row fusion-flex-align-items-stretch fusion-flex-justify-content-space-between fusion-flex-content-wrap\" style=\"width:104% !important;max-width:104% !important;margin-left: calc(-4% \/ 2 );margin-right: calc(-4% \/ 2 );\"><div class=\"fusion-layout-column fusion_builder_column fusion-builder-column-0 fusion_builder_column_1_1 1_1 fusion-flex-column\" style=\"--awb-bg-size:cover;--awb-width-large:100%;--awb-margin-top-large:0px;--awb-spacing-right-large:1.92%;--awb-margin-bottom-large:20px;--awb-spacing-left-large:1.92%;--awb-width-medium:100%;--awb-order-medium:0;--awb-spacing-right-medium:1.92%;--awb-spacing-left-medium:1.92%;--awb-width-small:100%;--awb-order-small:0;--awb-spacing-right-small:1.92%;--awb-spacing-left-small:1.92%;\" data-scroll-devices=\"small-visibility,medium-visibility,large-visibility\"><div class=\"fusion-column-wrapper fusion-column-has-shadow fusion-flex-justify-content-space-between fusion-content-layout-row\"><div style=\"--awb-height:500px;\" class=\"awb-openstreet-map awb-openstreet-map-1\" data-map-style=\"osm-carto\" data-map-type=\"marker\" data-zoom=\"14\" data-zoomsnap=\"0.9\" data-zoomcontrol=\"\" data-scrollwheelzoom=\"\" data-dragging=\"\" data-touchzoom=\"1\" data-dbclickzoom=\"1\" data-fitbounds=\"1\" data-shape-color=\"rgba(0,0,0,1)\" data-shape-weight=\"3\"><div class=\"awb-openstreet-map-marker awb-openstreet-map-marker-1\" data-latitude=\"47.2806997\" data-longitude=\"0.6900239946058677\" data-icon=\"fa-map-marker-alt fas\" data-action=\"popup\"><div class=\"awb-openstreet-map-marker-icon-wrapper\" style=\"--awb-background-color:var(--awb-color6);\"><i class=\"fa-map-marker-alt fas\"><\/i><\/div><div class=\"awb-openstreet-map-content-wrapper\"><h5 class=\"awb-openstreet-map-marker-title\">Ch\u00e2teau d&#039;Artigny &amp; Spa<\/h5><div class=\"awb-openstreet-map-marker-content\">92 Rue de Monts, \n37250 Montbazon\n0247343030<\/div><\/div><\/div><div class=\"awb-openstreet-map-marker awb-openstreet-map-marker-2\" data-latitude=\"47.168150499999996\" data-longitude=\"0.23599232542268922\" data-icon=\"fa-chess-rook fas\" data-action=\"popup\"><div class=\"awb-openstreet-map-marker-icon-wrapper\" style=\"\"><i class=\"fa-chess-rook fas\"><\/i><\/div><div class=\"awb-openstreet-map-content-wrapper\"><h5 class=\"awb-openstreet-map-marker-title\">Fortaleza Real de Chinon<\/h5><div class=\"awb-openstreet-map-marker-content\">Fortaleza que domina la ciudad, construida por Enrique II de Inglaterra, hogar de Juana de Arco y de los templarios.<\/div><\/div><\/div><div class=\"awb-openstreet-map-marker awb-openstreet-map-marker-3\" data-latitude=\"47.32461905\" data-longitude=\"1.070403778072624\" data-icon=\"fa-chess-rook fas\" data-action=\"popup\"><div class=\"awb-openstreet-map-marker-icon-wrapper\" style=\"\"><i class=\"fa-chess-rook fas\"><\/i><\/div><div class=\"awb-openstreet-map-content-wrapper\"><h5 class=\"awb-openstreet-map-marker-title\">Castillo de Chenonceau<\/h5><div class=\"awb-openstreet-map-marker-content\">Notable castillo del siglo XVI construido sobre el r\u00edo, con colecciones de tapices y pinturas de maestros.<\/div><\/div><\/div><div class=\"awb-openstreet-map-marker awb-openstreet-map-marker-4\" data-latitude=\"47.34056095\" data-longitude=\"0.5146088880523084\" data-icon=\"fa-chess-rook fas\" data-action=\"popup\"><div class=\"awb-openstreet-map-marker-icon-wrapper\" style=\"\"><i class=\"fa-chess-rook fas\"><\/i><\/div><div class=\"awb-openstreet-map-content-wrapper\"><h5 class=\"awb-openstreet-map-marker-title\">Los jardines y el castillo de Villandry<\/h5><div class=\"awb-openstreet-map-marker-content\">Palacio renacentista restaurado con jardines formales, laberinto y exposiciones temporales de arte.<\/div><\/div><\/div><div class=\"awb-openstreet-map-marker awb-openstreet-map-marker-5\" data-latitude=\"47.61606945\" data-longitude=\"1.5170501827851928\" data-icon=\"fa-chess-rook fas\" data-action=\"popup\"><div class=\"awb-openstreet-map-marker-icon-wrapper\" style=\"\"><i class=\"fa-chess-rook fas\"><\/i><\/div><div class=\"awb-openstreet-map-content-wrapper\"><h5 class=\"awb-openstreet-map-marker-title\">Castillo de Chambord<\/h5><div class=\"awb-openstreet-map-marker-content\">Un enorme palacio real del siglo XVI rodeado por un foso con torres y c\u00fapulas.<\/div><\/div><\/div><div class=\"awb-openstreet-map-marker awb-openstreet-map-marker-6\" data-latitude=\"47.41362905\" data-longitude=\"0.9859718927689629\" data-icon=\"fa-chess-rook fas\" data-action=\"popup\"><div class=\"awb-openstreet-map-marker-icon-wrapper\" style=\"\"><i class=\"fa-chess-rook fas\"><\/i><\/div><div class=\"awb-openstreet-map-content-wrapper\"><h5 class=\"awb-openstreet-map-marker-title\">Castillo Real de Amboise<\/h5><div class=\"awb-openstreet-map-marker-content\">Castillo g\u00f3tico y renacentista del siglo XV, habitaciones decoradas con tapices y terraza panor\u00e1mica.<\/div><\/div><\/div><div class=\"awb-openstreet-map-marker awb-openstreet-map-marker-7\" data-latitude=\"47.3246763\" data-longitude=\"0.406219972297176\" data-icon=\"fa-chess-rook fas\" data-action=\"popup\"><div class=\"awb-openstreet-map-marker-icon-wrapper\" style=\"\"><i class=\"fa-chess-rook fas\"><\/i><\/div><div class=\"awb-openstreet-map-content-wrapper\"><h5 class=\"awb-openstreet-map-marker-title\">Castillo de Langeais<\/h5><div class=\"awb-openstreet-map-marker-content\">Una fortaleza reconstruida en 1465, con visitas a 16 habitaciones decoradas con muebles de \u00e9poca, frescos y tapices.<\/div><\/div><\/div><div class=\"awb-openstreet-map-marker awb-openstreet-map-marker-8\" data-latitude=\"47.25904985\" data-longitude=\"0.465756301165524\" data-icon=\"fa-chess-rook fas\" data-action=\"popup\"><div class=\"awb-openstreet-map-marker-icon-wrapper\" style=\"\"><i class=\"fa-chess-rook fas\"><\/i><\/div><div class=\"awb-openstreet-map-content-wrapper\"><h5 class=\"awb-openstreet-map-marker-title\">Castillo de Azay-le-Rideau<\/h5><div class=\"awb-openstreet-map-marker-content\">Castillo de Azay-le-Rideau\n37190 AZAY-LE-RIDEAU<\/div><\/div><\/div><div class=\"awb-openstreet-map-marker awb-openstreet-map-marker-9\" data-latitude=\"47.1557428\" data-longitude=\"1.201238991554468\" data-icon=\"fa-chess-rook fas\" data-action=\"popup\"><div class=\"awb-openstreet-map-marker-icon-wrapper\" style=\"\"><i class=\"fa-chess-rook fas\"><\/i><\/div><div class=\"awb-openstreet-map-content-wrapper\"><h5 class=\"awb-openstreet-map-marker-title\">Castillo de Montr\u00e9sor<\/h5><div class=\"awb-openstreet-map-marker-content\">37460 MONTRESOR<\/div><\/div><\/div><div class=\"awb-openstreet-map-marker awb-openstreet-map-marker-10\" data-latitude=\"47.4102521\" data-longitude=\"0.9982840\" data-icon=\"fa-chess-rook fas\" data-action=\"popup\"><div class=\"awb-openstreet-map-marker-icon-wrapper\" style=\"\"><i class=\"fa-chess-rook fas\"><\/i><\/div><div class=\"awb-openstreet-map-content-wrapper\"><h5 class=\"awb-openstreet-map-marker-title\">Dominio Real de Ch\u00e2teau Gaillard<\/h5><div class=\"awb-openstreet-map-marker-content\">Construido en Amboise por el joven rey Carlos VIII en 1496, cerca de la corte, el dominio real del castillo Gaillard alberg\u00f3 los primeros jardines renacentistas de Francia por iniciativa de Dom Pacello de Mercogliano.\n99 avenue L\u00e9onard de VInci\n37400 AMBOISE<\/div><\/div><\/div><div class=\"awb-openstreet-map-marker awb-openstreet-map-marker-11\" data-latitude=\"47.4136687\" data-longitude=\"0.7998446\" data-icon=\"fa-wine-bottle fas\" data-action=\"popup\"><div class=\"awb-openstreet-map-marker-icon-wrapper\" style=\"\"><i class=\"fa-wine-bottle fas\"><\/i><\/div><div class=\"awb-openstreet-map-content-wrapper\"><h5 class=\"awb-openstreet-map-marker-title\">Vouvray<\/h5><div class=\"awb-openstreet-map-marker-content\">Los vinos de la denominaci\u00f3n Vouvray, elaborados a partir de la variedad Chenin, pueden vinificarse como vinos espumosos o como vinos tranquilos, secos, suaves (demi-sec) o dulces, en funci\u00f3n de la cantidad de az\u00facares naturales cosechados.<\/div><\/div><\/div><div class=\"awb-openstreet-map-marker awb-openstreet-map-marker-12\" data-latitude=\"47.1667182\" data-longitude=\"0.2402095\" data-icon=\"fa-wine-bottle fas\" data-action=\"popup\"><div class=\"awb-openstreet-map-marker-icon-wrapper\" style=\"\"><i class=\"fa-wine-bottle fas\"><\/i><\/div><div class=\"awb-openstreet-map-content-wrapper\"><h5 class=\"awb-openstreet-map-marker-title\">Chinon<\/h5><div class=\"awb-openstreet-map-marker-content\">Chinon contiene algo que los dem\u00e1s vinos no tienen. El humanismo iniciado por Rabelais, el ingrediente que une a todos los dem\u00e1s. Descorche una botella de Chinon y estar\u00e1 bebiendo un \u00abVin loyal \u00e0 Rabelais\u00bb, \u00a1la esencia misma de la denominaci\u00f3n!<\/div><\/div><\/div><div class=\"awb-openstreet-map-marker awb-openstreet-map-marker-13\" data-latitude=\"47.2827691\" data-longitude=\"0.1788873\" data-icon=\"fa-wine-bottle fas\" data-action=\"popup\"><div class=\"awb-openstreet-map-marker-icon-wrapper\" style=\"\"><i class=\"fa-wine-bottle fas\"><\/i><\/div><div class=\"awb-openstreet-map-content-wrapper\"><h5 class=\"awb-openstreet-map-marker-title\">Bourgueil<\/h5><div class=\"awb-openstreet-map-marker-content\">Bourgueil es un vino DOC producido en los alrededores de Bourgueil, en la regi\u00f3n de Indre-et-Loire. Cuenta con 1.400 hect\u00e1reas de vi\u00f1edo, plantadas con Cabernet Franc N y Cabernet Sauvignon N.<\/div><\/div><\/div><div class=\"awb-openstreet-map-marker awb-openstreet-map-marker-14\" data-latitude=\"47.2108623\" data-longitude=\"0.0743907\" data-icon=\"fa-ship fas\" data-action=\"popup\"><div class=\"awb-openstreet-map-marker-icon-wrapper\" style=\"\"><i class=\"fa-ship fas\"><\/i><\/div><div class=\"awb-openstreet-map-content-wrapper\"><h5 class=\"awb-openstreet-map-marker-title\">Paseo en barco tradicional<\/h5><div class=\"awb-openstreet-map-marker-content\">Paseo en barco tradicional por los r\u00edos Vienne y Loira\nCale de l'Ormeau bajo la Colegiata\n37500 CANDES-SAINT-MARTIN<\/div><\/div><\/div><div class=\"awb-openstreet-map-marker awb-openstreet-map-marker-15\" data-latitude=\"47.3222909\" data-longitude=\"0.9157001\" data-icon=\"fa-ship fas\" data-action=\"popup\"><div class=\"awb-openstreet-map-marker-icon-wrapper\" style=\"\"><i class=\"fa-ship fas\"><\/i><\/div><div class=\"awb-openstreet-map-content-wrapper\"><h5 class=\"awb-openstreet-map-marker-title\">Paseos tradicionales en barco por Valchantray<\/h5><div class=\"awb-openstreet-map-marker-content\">9 chemin des Dames\n37270 ATHEE-SUR-CHER<\/div><\/div><\/div><div class=\"awb-openstreet-map-marker awb-openstreet-map-marker-16\" data-latitude=\"47.39903985\" data-longitude=\"0.6684591182268641\" data-icon=\"fa-tree fas\" data-action=\"popup\"><div class=\"awb-openstreet-map-marker-icon-wrapper\" style=\"\"><i class=\"fa-tree fas\"><\/i><\/div><div class=\"awb-openstreet-map-content-wrapper\"><h5 class=\"awb-openstreet-map-marker-title\">Parque de la Perraudi\u00e8re<\/h5><div class=\"awb-openstreet-map-marker-content\">Parque de la Perraudi\u00e8re\nEl Parque de la Perraudi\u00e8re fue dise\u00f1ado a finales del siglo XIX. Sus 5 hect\u00e1reas lo convierten en el mayor parque de la ciudad y ofrece unas vistas magn\u00edficas del Loira y de la ciudad de Tours.\n37540 SAINT-CYR-SUR-LOIRE<\/div><\/div><\/div><div class=\"awb-openstreet-map-marker awb-openstreet-map-marker-17\" data-latitude=\"47.39526145000001\" data-longitude=\"0.6950591874529539\" data-icon=\"fa-landmark fas\" data-action=\"popup\"><div class=\"awb-openstreet-map-marker-icon-wrapper\" style=\"\"><i class=\"fa-landmark fas\"><\/i><\/div><div class=\"awb-openstreet-map-content-wrapper\"><h5 class=\"awb-openstreet-map-marker-title\">Museo de Bellas Artes y su jard\u00edn<\/h5><div class=\"awb-openstreet-map-marker-content\">Museo de Bellas Artes y su jard\u00edn\n18 place Fran\u00e7ois-Sicard\n37000 TOURS<\/div><\/div><\/div><div class=\"awb-openstreet-map-marker awb-openstreet-map-marker-18\" data-latitude=\"47.3957773\" data-longitude=\"0.6956123\" data-icon=\"fa-monument fas\" data-action=\"popup\"><div class=\"awb-openstreet-map-marker-icon-wrapper\" style=\"\"><i class=\"fa-monument fas\"><\/i><\/div><div class=\"awb-openstreet-map-content-wrapper\"><h5 class=\"awb-openstreet-map-marker-title\">Catedral de Saint-Gatien<\/h5><div class=\"awb-openstreet-map-marker-content\">Catedral de Saint-Gatien\n1 rue Racine\n37000 TOURS<\/div><\/div><\/div><div class=\"awb-openstreet-map-marker awb-openstreet-map-marker-19\" data-latitude=\"47.1115589\" data-longitude=\"1.0054624\" data-icon=\"fa-candy-cane fas\" data-action=\"popup\"><div class=\"awb-openstreet-map-marker-icon-wrapper\" style=\"\"><i class=\"fa-candy-cane fas\"><\/i><\/div><div class=\"awb-openstreet-map-content-wrapper\"><h5 class=\"awb-openstreet-map-marker-title\">Confiserie Hallard<\/h5><div class=\"awb-openstreet-map-marker-content\">Dulces \/ Confiter\u00eda\nChocolate\n62 TER avenue aristide briand\n37600 LOCHES<\/div><\/div><\/div><\/div><\/div><\/div>\n<\/div><\/div><div class=\"fusion-fullwidth fullwidth-box fusion-builder-row-2 fusion-flex-container nonhundred-percent-fullwidth non-hundred-percent-height-scrolling fusion-animated\" style=\"--awb-background-position:center top;--awb-border-sizes-top:0px;--awb-border-sizes-bottom:0px;--awb-border-sizes-left:0px;--awb-border-sizes-right:0px;--awb-border-color:var(--awb-color1);--awb-border-radius-top-left:0px;--awb-border-radius-top-right:0px;--awb-border-radius-bottom-right:0px;--awb-border-radius-bottom-left:0px;--awb-padding-top:55px;--awb-padding-right:0px;--awb-padding-bottom:0px;--awb-padding-left:0px;--awb-padding-top-medium:82px;--awb-padding-right-medium:30px;--awb-padding-bottom-medium:0px;--awb-padding-left-medium:30px;--awb-padding-top-small:40px;--awb-padding-right-small:20px;--awb-padding-bottom-small:0px;--awb-padding-left-small:20px;--awb-margin-top:0px;--awb-margin-bottom:0px;--awb-background-color:hsla(var(--awb-color1-h),var(--awb-color1-s),calc(var(--awb-color1-l) + 4%),var(--awb-color1-a));--awb-flex-wrap:wrap;\" data-animationType=\"fadeIn\" data-animationDuration=\"3.0\" data-animationOffset=\"top-into-view\" ><div class=\"fusion-builder-row fusion-row fusion-flex-align-items-center fusion-flex-justify-content-center fusion-flex-content-wrap\" style=\"max-width:calc( 1140px + 0px );margin-left: calc(-0px \/ 2 );margin-right: calc(-0px \/ 2 );\"><div class=\"fusion-layout-column fusion_builder_column fusion-builder-column-1 fusion_builder_column_1_1 1_1 fusion-flex-column\" style=\"--awb-bg-size:cover;--awb-width-large:100%;--awb-margin-top-large:0px;--awb-spacing-right-large:0px;--awb-margin-bottom-large:20px;--awb-spacing-left-large:0px;--awb-width-medium:100%;--awb-order-medium:0;--awb-spacing-right-medium:0px;--awb-spacing-left-medium:0px;--awb-width-small:100%;--awb-order-small:0;--awb-spacing-right-small:0px;--awb-spacing-left-small:0px;\"><div class=\"fusion-column-wrapper fusion-column-has-shadow fusion-flex-justify-content-flex-start fusion-content-layout-column\"><div class=\"fusion-title title fusion-title-1 fusion-title-center fusion-title-text fusion-title-size-two\" style=\"--awb-margin-top-small:0px;--awb-margin-right-small:0px;--awb-margin-bottom-small:15px;--awb-margin-left-small:0px;--awb-font-size:28px;\"><div class=\"title-sep-container title-sep-container-left\"><div class=\"title-sep sep- sep-solid\" style=\"border-color:var(--awb-color3);\"><\/div><\/div><span class=\"awb-title-spacer\"><\/span><h2 class=\"fusion-title-heading title-heading-center fusion-responsive-typography-calculated\" style=\"font-family:&quot;Sangbleu Kingdom Regular&quot;;font-style:normal;font-weight:400;margin:0;text-transform:uppercase;font-size:1em;--fontSize:28;line-height:1.21;\">Fin de semana de 2 d\u00edas en el Valle del Loira desde Par\u00eds<\/h2><span class=\"awb-title-spacer\"><\/span><div class=\"title-sep-container title-sep-container-right\"><div class=\"title-sep sep- sep-solid\" style=\"border-color:var(--awb-color3);\"><\/div><\/div><\/div><\/div><\/div><div class=\"fusion-layout-column fusion_builder_column fusion-builder-column-2 fusion_builder_column_1_2 1_2 fusion-flex-column\" style=\"--awb-bg-size:cover;--awb-width-large:50%;--awb-margin-top-large:0px;--awb-spacing-right-large:0px;--awb-margin-bottom-large:0px;--awb-spacing-left-large:0px;--awb-width-medium:100%;--awb-order-medium:0;--awb-spacing-right-medium:0px;--awb-spacing-left-medium:0px;--awb-width-small:100%;--awb-order-small:0;--awb-spacing-right-small:0px;--awb-spacing-left-small:0px;\"><div class=\"fusion-column-wrapper fusion-column-has-shadow fusion-flex-justify-content-flex-start fusion-content-layout-column\"><div class=\"fusion-text fusion-text-1\" style=\"--awb-content-alignment:center;--awb-font-size:var(--awb-typography4-font-size);--awb-line-height:var(--awb-typography4-line-height);--awb-letter-spacing:var(--awb-typography4-letter-spacing);--awb-text-transform:var(--awb-typography4-text-transform);--awb-text-font-family:&quot;SangbleuKingdom light &quot;;--awb-text-font-style:normal;--awb-text-font-weight:400;\"><p style=\"text-align: justify;\">He aqu\u00ed un itinerario que le permitir\u00e1 descubrir los tesoros de la regi\u00f3n mientras disfruta del lujoso entorno del castillo.<\/p>\n<\/div><\/div><\/div><\/div><\/div><div class=\"fusion-fullwidth fullwidth-box fusion-builder-row-3 fusion-flex-container has-pattern-background has-mask-background nonhundred-percent-fullwidth non-hundred-percent-height-scrolling fusion-custom-z-index\" style=\"--awb-background-position:right center;--awb-border-sizes-top:0px;--awb-border-sizes-bottom:0px;--awb-border-sizes-left:0px;--awb-border-sizes-right:0px;--awb-border-radius-top-left:0px;--awb-border-radius-top-right:0px;--awb-border-radius-bottom-right:0px;--awb-border-radius-bottom-left:0px;--awb-z-index:300;--awb-padding-top:30px;--awb-padding-right:0px;--awb-padding-bottom:0px;--awb-padding-left:0px;--awb-padding-top-medium:49.995999999999995px;--awb-padding-right-medium:37px;--awb-padding-left-medium:42.9863px;--awb-padding-top-small:0px;--awb-padding-right-small:20px;--awb-padding-left-small:20px;--awb-margin-top:30px;--awb-margin-bottom:-50px;--awb-flex-wrap:wrap;\" ><div class=\"fusion-builder-row fusion-row fusion-flex-align-items-center fusion-flex-justify-content-space-between fusion-flex-content-wrap\" style=\"max-width:calc( 1140px + 0px );margin-left: calc(-0px \/ 2 );margin-right: calc(-0px \/ 2 );\"><div class=\"fusion-layout-column fusion_builder_column fusion-builder-column-3 fusion_builder_column_1_2 1_2 fusion-flex-column\" style=\"--awb-padding-top-medium:0px;--awb-padding-bottom-medium:0px;--awb-padding-bottom-small:0px;--awb-padding-left-small:0px;--awb-bg-position:right bottom;--awb-bg-blend:overlay;--awb-bg-size:cover;--awb-width-large:50%;--awb-margin-top-large:0px;--awb-spacing-right-large:0px;--awb-margin-bottom-large:0px;--awb-spacing-left-large:0px;--awb-width-medium:100%;--awb-order-medium:0;--awb-margin-top-medium:0px;--awb-spacing-right-medium:0px;--awb-margin-bottom-medium:0px;--awb-spacing-left-medium:0px;--awb-width-small:100%;--awb-order-small:0;--awb-margin-top-small:1px;--awb-spacing-right-small:calc( 0 * calc( 100% - 0px ) );--awb-margin-bottom-small:0px;--awb-spacing-left-small:calc( 0.004 * calc( 100% - 0px ) );\"><div class=\"fusion-column-wrapper fusion-column-has-shadow fusion-flex-justify-content-flex-start fusion-content-layout-column\"><div class=\"fusion-title title fusion-title-2 fusion-title-text fusion-title-size-two\" style=\"--awb-margin-top-small:0px;--awb-margin-right-small:0px;--awb-margin-bottom-small:15px;--awb-margin-left-small:0px;--awb-font-size:var(--awb-typography2-font-size);\"><div class=\"title-sep-container title-sep-container-left fusion-no-large-visibility fusion-no-medium-visibility fusion-no-small-visibility\"><div class=\"title-sep sep- sep-solid\" style=\"border-color:var(--awb-color3);\"><\/div><\/div><span class=\"awb-title-spacer fusion-no-large-visibility fusion-no-medium-visibility fusion-no-small-visibility\"><\/span><h2 class=\"fusion-title-heading title-heading-left fusion-responsive-typography-calculated\" style=\"font-family:var(--awb-typography2-font-family);font-weight:var(--awb-typography2-font-weight);font-style:var(--awb-typography2-font-style);margin:0;text-transform:var(--awb-typography2-text-transform);font-size:1em;--fontSize:21;line-height:2;\">Salida de Par\u00eds y descubrimiento de los castillos del Valle del Loira<\/h2><span class=\"awb-title-spacer\"><\/span><div class=\"title-sep-container title-sep-container-right\"><div class=\"title-sep sep- sep-solid\" style=\"border-color:var(--awb-color3);\"><\/div><\/div><\/div><div class=\"fusion-separator\" style=\"align-self: flex-start;margin-right:auto;margin-top:0px;margin-bottom:20px;width:100%;max-width:50px;\"><div class=\"fusion-separator-border sep-single sep-solid\" style=\"--awb-height:20px;--awb-amount:20px;--awb-sep-color:var(--awb-color4);border-color:var(--awb-color4);border-top-width:1px;\"><\/div><\/div><div class=\"fusion-text fusion-text-2 fusion-text-no-margin\" style=\"--awb-font-size:var(--awb-typography4-font-size);--awb-line-height:var(--awb-typography4-line-height);--awb-letter-spacing:var(--awb-typography4-letter-spacing);--awb-text-transform:var(--awb-typography4-text-transform);--awb-margin-bottom:50px;--awb-text-font-family:&quot;SangbleuKingdom light &quot;;--awb-text-font-style:normal;--awb-text-font-weight:400;\"><p><strong>Salida de Par\u00eds<\/strong><br \/>\nSalga de Par\u00eds a primera hora de la ma\u00f1ana. Puede tomar el tren (TGV) desde la estaci\u00f3n de Montparnasse hasta Tours, un trayecto de aproximadamente 1 hora y 15 minutos. Si prefiere conducir, prevea unas 2 horas y media para llegar a Ch\u00e2teau d&#8217;Artigny.<\/p>\n<p><strong>Llegada a Ch\u00e2teau d&#8217;Artigny<\/strong><br \/>\nUna vez que haya llegado, inst\u00e1lese en su habitaci\u00f3n del Ch\u00e2teau d&#8217;Artigny, un magn\u00edfico castillo del siglo XVIII transformado en hotel de lujo. T\u00f3mese su tiempo para explorar los jardines y las instalaciones del castillo.<\/p>\n<p><strong>Almuerzo en Amboise<\/strong><br \/>\nAlmuerzo en Amboise: Despu\u00e9s de instalarse, dir\u00edjase a Amboise, a unos 40 minutos en coche. Almuerce en un restaurante con vistas al Loira o en la terraza de un caf\u00e9 del centro hist\u00f3rico.<\/p>\n<p><strong>Tarde: Visita del castillo de Chenonceau<\/strong><br \/>\nPase la tarde explorando el Castillo de Chenonceau, uno de los m\u00e1s bellos del Loira, apodado el \u00abCastillo de las Damas\u00bb. Pasee por sus jardines y admire su arquitectura \u00fanica a orillas del Cher.<\/p>\n<p><strong>Regreso a Ch\u00e2teau d&#8217;Artigny :<\/strong><br \/>\nPor la tarde, regreso a Ch\u00e2teau d&#8217;Artigny. Disfrute del spa o de un paseo por los jardines antes de cenar.<\/p>\n<p><strong>Cena en el Ch\u00e2teau d&#8217;Artigny<\/strong><br \/>\nDisfrute de una cena gastron\u00f3mica en el restaurante del castillo, donde podr\u00e1 degustar platos refinados elaborados con productos locales.<\/p>\n<\/div><div style=\"text-align:center;\"><a class=\"fusion-button button-flat fusion-button-default-size button-custom fusion-button-default button-1 fusion-button-default-span fusion-button-default-type\" style=\"--button_accent_color:var(--awb-color8);--button_border_color:var(--awb-color8);--button_accent_hover_color:var(--awb-color4);--button_border_hover_color:var(--awb-color4);--button_border_width-top:1px;--button_border_width-right:1px;--button_border_width-bottom:1px;--button_border_width-left:1px;--button_gradient_top_color:var(--awb-color1);--button_gradient_bottom_color:var(--awb-color1);--button_gradient_top_color_hover:var(--awb-color1);--button_gradient_bottom_color_hover:var(--awb-color1);--button_text_transform:uppercase;--button_font_size:16px;--button_line_height:18px;--button_padding-top:10px;--button_padding-right:40px;--button_padding-bottom:10px;--button_padding-left:40px;--button_typography-letter-spacing:0px;--button_typography-font-family:&quot;Raleway&quot;;--button_typography-font-style:normal;--button_typography-font-weight:400;--button_margin-bottom:20px;\" target=\"_blank\" rel=\"noopener noreferrer\" href=\"https:\/\/www.chateauartigny.com\/es\/spa\/\"><span class=\"fusion-button-text awb-button__text awb-button__text--default\">Descubra el Spa<\/span><\/a><\/div><div style=\"text-align:center;\"><a class=\"fusion-button button-flat fusion-button-default-size button-custom fusion-button-default button-2 fusion-button-default-span fusion-button-default-type\" style=\"--button_accent_color:var(--awb-color8);--button_border_color:var(--awb-color8);--button_accent_hover_color:var(--awb-color4);--button_border_hover_color:var(--awb-color4);--button_border_width-top:1px;--button_border_width-right:1px;--button_border_width-bottom:1px;--button_border_width-left:1px;--button_gradient_top_color:var(--awb-color1);--button_gradient_bottom_color:var(--awb-color1);--button_gradient_top_color_hover:var(--awb-color1);--button_gradient_bottom_color_hover:var(--awb-color1);--button_text_transform:uppercase;--button_font_size:16px;--button_line_height:18px;--button_padding-top:10px;--button_padding-right:40px;--button_padding-bottom:10px;--button_padding-left:40px;--button_typography-letter-spacing:0px;--button_typography-font-family:&quot;Raleway&quot;;--button_typography-font-style:normal;--button_typography-font-weight:400;--button_margin-bottom:20px;\" target=\"_blank\" rel=\"noopener noreferrer\" href=\"https:\/\/www.chateauartigny.com\/es\/el-restaurante\/\"><span class=\"fusion-button-text awb-button__text awb-button__text--default\">Nuestro restaurante gastron\u00f3mico l&#8217;Origan<\/span><\/a><\/div><div style=\"text-align:center;\"><a class=\"fusion-button button-flat fusion-button-default-size button-custom fusion-button-default button-3 fusion-button-default-span fusion-button-default-type\" style=\"--button_accent_color:var(--awb-color8);--button_border_color:var(--awb-color8);--button_accent_hover_color:var(--awb-color4);--button_border_hover_color:var(--awb-color4);--button_border_width-top:1px;--button_border_width-right:1px;--button_border_width-bottom:1px;--button_border_width-left:1px;--button_gradient_top_color:var(--awb-color1);--button_gradient_bottom_color:var(--awb-color1);--button_gradient_top_color_hover:var(--awb-color1);--button_gradient_bottom_color_hover:var(--awb-color1);--button_text_transform:uppercase;--button_font_size:16px;--button_line_height:18px;--button_padding-top:10px;--button_padding-right:40px;--button_padding-bottom:10px;--button_padding-left:40px;--button_typography-letter-spacing:0px;--button_typography-font-family:&quot;Raleway&quot;;--button_typography-font-style:normal;--button_typography-font-weight:400;--button_margin-bottom:20px;\" target=\"_blank\" rel=\"noopener noreferrer\" href=\"https:\/\/www.chateauartigny.com\/es\/habitaciones\/\"><span class=\"fusion-button-text awb-button__text awb-button__text--default\">Descubra nuestras habitaciones y suites<\/span><\/a><\/div><\/div><\/div><div class=\"fusion-layout-column fusion_builder_column fusion-builder-column-4 fusion_builder_column_1_3 1_3 fusion-flex-column\" style=\"--awb-padding-top:60px;--awb-padding-right:40px;--awb-padding-bottom:60px;--awb-padding-left:40px;--awb-padding-top-small:50px;--awb-padding-right-small:40px;--awb-padding-bottom-small:40px;--awb-padding-left-small:40px;--awb-bg-position:right bottom;--awb-bg-blend:overlay;--awb-bg-size:cover;--awb-border-color:var(--awb-color4);--awb-border-top:1px;--awb-border-right:1px;--awb-border-bottom:1px;--awb-border-left:1px;--awb-border-style:solid;--awb-width-large:33.333333333333%;--awb-margin-top-large:0px;--awb-spacing-right-large:0px;--awb-margin-bottom-large:0px;--awb-spacing-left-large:0px;--awb-width-medium:100%;--awb-order-medium:0;--awb-margin-top-medium:4px;--awb-spacing-right-medium:0px;--awb-margin-bottom-medium:47px;--awb-spacing-left-medium:0px;--awb-width-small:100%;--awb-order-small:0;--awb-margin-top-small:0px;--awb-spacing-right-small:calc( 0 * calc( 100% - 0px ) );--awb-margin-bottom-small:50px;--awb-spacing-left-small:calc( 0.004 * calc( 100% - 0px ) );\"><div class=\"fusion-column-wrapper fusion-column-has-shadow fusion-flex-justify-content-flex-start fusion-content-layout-column\"><div class=\"fusion-text fusion-text-3 fusion-text-no-margin\" style=\"--awb-font-size:var(--awb-typography4-font-size);--awb-line-height:var(--awb-typography4-line-height);--awb-letter-spacing:var(--awb-typography4-letter-spacing);--awb-text-transform:var(--awb-typography4-text-transform);--awb-margin-top:0px;--awb-margin-bottom:30px;--awb-text-font-family:&quot;SangbleuKingdom light &quot;;--awb-text-font-style:normal;--awb-text-font-weight:400;\"><p style=\"text-align: justify;\">Si buscas una estancia de bienestar, puedes optar por una escapada al Ch\u00e2teau d\u2019Artigny, con habitaci\u00f3n doble y desayuno, desde 282 \u20ac para dos personas.<\/p>\n<\/div><div style=\"text-align:center;\"><a class=\"fusion-button button-flat fusion-button-default-size button-custom fusion-button-default button-4 fusion-button-default-span fusion-button-default-type\" style=\"--button_accent_color:var(--awb-color8);--button_border_color:var(--awb-color8);--button_accent_hover_color:var(--awb-color4);--button_border_hover_color:var(--awb-color4);--button_border_width-top:1px;--button_border_width-right:1px;--button_border_width-bottom:1px;--button_border_width-left:1px;--button_gradient_top_color:var(--awb-color1);--button_gradient_bottom_color:var(--awb-color1);--button_gradient_top_color_hover:var(--awb-color1);--button_gradient_bottom_color_hover:var(--awb-color1);--button_text_transform:uppercase;--button_font_size:16px;--button_line_height:18px;--button_padding-top:10px;--button_padding-right:40px;--button_padding-bottom:10px;--button_padding-left:40px;--button_typography-letter-spacing:0px;--button_typography-font-family:&quot;Raleway&quot;;--button_typography-font-style:normal;--button_typography-font-weight:400;--button_margin-bottom:20px;\" target=\"_blank\" rel=\"noopener noreferrer\" href=\"https:\/\/reservations.hotelspreference.com\/?adult=2&amp;chain=5460&amp;hotel=95430&amp;level=hotel&amp;locale=en-US\"><span class=\"fusion-button-text awb-button__text awb-button__text--default\">Reserva online<\/span><\/a><\/div><div class=\"fusion-text fusion-text-4 fusion-text-no-margin\" style=\"--awb-content-alignment:center;--awb-font-size:var(--awb-typography3-font-size);--awb-line-height:var(--awb-typography3-line-height);--awb-letter-spacing:var(--awb-typography3-letter-spacing);--awb-text-transform:var(--awb-typography3-text-transform);--awb-margin-bottom:5px;--awb-text-font-family:var(--awb-typography3-font-family);--awb-text-font-weight:var(--awb-typography3-font-weight);--awb-text-font-style:var(--awb-typography3-font-style);\"><p style=\"text-align: center;\">O por tel\u00e9fono<\/p>\n<\/div><div class=\"fusion-title title fusion-title-3 fusion-title-center fusion-title-text fusion-title-size-two\" style=\"--awb-margin-bottom:0px;--awb-margin-top-small:0px;--awb-margin-right-small:0px;--awb-margin-bottom-small:15px;--awb-margin-left-small:0px;--awb-font-size:12px;\"><div class=\"title-sep-container title-sep-container-left\"><div class=\"title-sep sep- sep-solid\" style=\"border-color:var(--awb-color3);\"><\/div><\/div><span class=\"awb-title-spacer\"><\/span><h2 class=\"fusion-title-heading title-heading-center fusion-responsive-typography-calculated\" style=\"font-family:var(--awb-typography2-font-family);font-weight:var(--awb-typography2-font-weight);font-style:var(--awb-typography2-font-style);margin:0;text-transform:var(--awb-typography2-text-transform);font-size:1em;--fontSize:12;--minFontSize:12;line-height:2;\">+33 2 47 34 30 30<\/h2><span class=\"awb-title-spacer\"><\/span><div class=\"title-sep-container title-sep-container-right\"><div class=\"title-sep sep- sep-solid\" style=\"border-color:var(--awb-color3);\"><\/div><\/div><\/div><\/div><\/div>\n<div class=\"fusion-layout-column fusion_builder_column fusion-builder-column-5 fusion_builder_column_1_2 1_2 fusion-flex-column\" style=\"--awb-padding-top-medium:108px;--awb-padding-left-medium:67px;--awb-padding-left-small:0px;--awb-bg-position:right bottom;--awb-bg-blend:overlay;--awb-bg-size:cover;--awb-width-large:50%;--awb-margin-top-large:15px;--awb-spacing-right-large:0px;--awb-margin-bottom-large:0px;--awb-spacing-left-large:0px;--awb-width-medium:100%;--awb-order-medium:0;--awb-margin-top-medium:-100px;--awb-spacing-right-medium:0px;--awb-margin-bottom-medium:0px;--awb-spacing-left-medium:-30px;--awb-width-small:100%;--awb-order-small:0;--awb-spacing-right-small:calc( 0 * calc( 100% - 0px ) );--awb-margin-bottom-small:-60px;--awb-spacing-left-small:calc( 0.004 * calc( 100% - 0px ) );\"><div class=\"fusion-column-wrapper fusion-column-has-shadow fusion-flex-justify-content-flex-start fusion-content-layout-column\"><div class=\"fusion-image-carousel fusion-image-carousel-auto fusion-image-carousel-1 lightbox-enabled\"><div class=\"awb-carousel awb-swiper awb-swiper-carousel awb-carousel--carousel awb-swiper-dots-position-bottom\" data-layout=\"carousel\" data-autoplay=\"no\" data-autoplayspeed=\"2500\" data-autoplaypause=\"no\" data-columns=\"1\" data-columnsmedium=\"1\" data-columnssmall=\"1\" data-itemmargin=\"0\" data-itemwidth=\"180\" data-touchscroll=\"no\" data-freemode=\"no\" data-imagesize=\"auto\" data-scrollitems=\"0\" data-centeredslides=\"no\" data-rotationangle=\"50\" data-depth=\"100\" data-speed=\"500\" data-shadow=\"no\" data-pagination=\"bullets\" style=\"--awb-columns:1;--awb-column-spacing:0px;--awb-dots-align:center;\"><div class=\"swiper-wrapper awb-image-carousel-wrapper fusion-flex-align-items-center\"><div class=\"swiper-slide\"><div class=\"fusion-carousel-item-wrapper\"><div class=\"fusion-image-wrapper hover-type-none\"><a data-rel=\"iLightbox[image_carousel_1]\" data-title=\"vilandry\" aria-label=\"vilandry\" href=\"https:\/\/www.chateauartigny.com\/wp-content\/uploads\/vilandry.jpg\" target=\"_self\"><img decoding=\"async\" width=\"1000\" height=\"1333\" src=\"https:\/\/www.chateauartigny.com\/wp-content\/uploads\/vilandry.jpg\" class=\"attachment-full size-full\" alt=\"\" srcset=\"https:\/\/www.chateauartigny.com\/wp-content\/uploads\/vilandry-113x150.jpg 113w, https:\/\/www.chateauartigny.com\/wp-content\/uploads\/vilandry-200x267.jpg 200w, https:\/\/www.chateauartigny.com\/wp-content\/uploads\/vilandry-225x300.jpg 225w, https:\/\/www.chateauartigny.com\/wp-content\/uploads\/vilandry-400x533.jpg 400w, https:\/\/www.chateauartigny.com\/wp-content\/uploads\/vilandry-600x800.jpg 600w, https:\/\/www.chateauartigny.com\/wp-content\/uploads\/vilandry-768x1024.jpg 768w, https:\/\/www.chateauartigny.com\/wp-content\/uploads\/vilandry-800x1066.jpg 800w, https:\/\/www.chateauartigny.com\/wp-content\/uploads\/vilandry.jpg 1000w\" sizes=\"(max-width: 1000px) 100vw, 1000px\" \/><\/a><\/div><\/div><\/div><div class=\"swiper-slide\"><div class=\"fusion-carousel-item-wrapper\"><div class=\"fusion-image-wrapper hover-type-none\"><a data-rel=\"iLightbox[image_carousel_1]\" data-title=\"chateau-d-artigny-degustation-vins\" aria-label=\"chateau-d-artigny-degustation-vins\" href=\"https:\/\/www.chateauartigny.com\/wp-content\/uploads\/chateau-d-artigny-degustation-vins-1200x648.jpg\" target=\"_self\"><img decoding=\"async\" width=\"2000\" height=\"1080\" src=\"https:\/\/www.chateauartigny.com\/wp-content\/uploads\/chateau-d-artigny-degustation-vins.jpg\" class=\"attachment-full size-full\" alt=\"\" srcset=\"https:\/\/www.chateauartigny.com\/wp-content\/uploads\/chateau-d-artigny-degustation-vins-150x81.jpg 150w, https:\/\/www.chateauartigny.com\/wp-content\/uploads\/chateau-d-artigny-degustation-vins-200x108.jpg 200w, https:\/\/www.chateauartigny.com\/wp-content\/uploads\/chateau-d-artigny-degustation-vins-300x162.jpg 300w, https:\/\/www.chateauartigny.com\/wp-content\/uploads\/chateau-d-artigny-degustation-vins-400x216.jpg 400w, https:\/\/www.chateauartigny.com\/wp-content\/uploads\/chateau-d-artigny-degustation-vins-600x324.jpg 600w, https:\/\/www.chateauartigny.com\/wp-content\/uploads\/chateau-d-artigny-degustation-vins-768x415.jpg 768w, https:\/\/www.chateauartigny.com\/wp-content\/uploads\/chateau-d-artigny-degustation-vins-800x432.jpg 800w, https:\/\/www.chateauartigny.com\/wp-content\/uploads\/chateau-d-artigny-degustation-vins-1024x553.jpg 1024w, https:\/\/www.chateauartigny.com\/wp-content\/uploads\/chateau-d-artigny-degustation-vins-1200x648.jpg 1200w, https:\/\/www.chateauartigny.com\/wp-content\/uploads\/chateau-d-artigny-degustation-vins-1536x829.jpg 1536w, https:\/\/www.chateauartigny.com\/wp-content\/uploads\/chateau-d-artigny-degustation-vins.jpg 2000w\" sizes=\"(max-width: 2000px) 100vw, 2000px\" \/><\/a><\/div><\/div><\/div><div class=\"swiper-slide\"><div class=\"fusion-carousel-item-wrapper\"><div class=\"fusion-image-wrapper hover-type-none\"><a data-rel=\"iLightbox[image_carousel_1]\" data-title=\"Ch\u00e2teau d&#8217;Artigny Cave\" aria-label=\"Ch\u00e2teau d&#8217;Artigny Cave\" href=\"https:\/\/www.chateauartigny.com\/wp-content\/uploads\/2023\/02\/Chateau-dArtigny-Cave.jpg\" target=\"_self\"><img decoding=\"async\" width=\"1996\" height=\"1083\" src=\"https:\/\/www.chateauartigny.com\/wp-content\/uploads\/2023\/02\/Chateau-dArtigny-Cave.jpg\" class=\"attachment-full size-full\" alt=\"\" srcset=\"https:\/\/www.chateauartigny.com\/wp-content\/uploads\/2023\/02\/Chateau-dArtigny-Cave-200x109.jpg 200w, https:\/\/www.chateauartigny.com\/wp-content\/uploads\/2023\/02\/Chateau-dArtigny-Cave-300x163.jpg 300w, https:\/\/www.chateauartigny.com\/wp-content\/uploads\/2023\/02\/Chateau-dArtigny-Cave-400x217.jpg 400w, https:\/\/www.chateauartigny.com\/wp-content\/uploads\/2023\/02\/Chateau-dArtigny-Cave-600x326.jpg 600w, https:\/\/www.chateauartigny.com\/wp-content\/uploads\/2023\/02\/Chateau-dArtigny-Cave-768x417.jpg 768w, https:\/\/www.chateauartigny.com\/wp-content\/uploads\/2023\/02\/Chateau-dArtigny-Cave-800x434.jpg 800w, https:\/\/www.chateauartigny.com\/wp-content\/uploads\/2023\/02\/Chateau-dArtigny-Cave-1024x556.jpg 1024w, https:\/\/www.chateauartigny.com\/wp-content\/uploads\/2023\/02\/Chateau-dArtigny-Cave-1200x651.jpg 1200w, https:\/\/www.chateauartigny.com\/wp-content\/uploads\/2023\/02\/Chateau-dArtigny-Cave-1536x833.jpg 1536w, https:\/\/www.chateauartigny.com\/wp-content\/uploads\/2023\/02\/Chateau-dArtigny-Cave.jpg 1996w\" sizes=\"(max-width: 1996px) 100vw, 1996px\" \/><\/a><\/div><\/div><\/div><div class=\"swiper-slide\"><div class=\"fusion-carousel-item-wrapper\"><div class=\"fusion-image-wrapper hover-type-none\"><a data-rel=\"iLightbox[image_carousel_1]\" data-title=\"chateau-d-artigny-restaurant_2\" aria-label=\"chateau-d-artigny-restaurant_2\" href=\"https:\/\/www.chateauartigny.com\/wp-content\/uploads\/chateau-d-artigny-restaurant_2.jpg\" target=\"_self\"><img decoding=\"async\" width=\"820\" height=\"1080\" src=\"https:\/\/www.chateauartigny.com\/wp-content\/uploads\/chateau-d-artigny-restaurant_2-e1739809829234.jpg\" class=\"attachment-full size-full\" alt=\"\" srcset=\"https:\/\/www.chateauartigny.com\/wp-content\/uploads\/chateau-d-artigny-restaurant_2-e1739809829234-114x150.jpg 114w, https:\/\/www.chateauartigny.com\/wp-content\/uploads\/chateau-d-artigny-restaurant_2-e1739809829234-200x263.jpg 200w, https:\/\/www.chateauartigny.com\/wp-content\/uploads\/chateau-d-artigny-restaurant_2-e1739809829234-228x300.jpg 228w, https:\/\/www.chateauartigny.com\/wp-content\/uploads\/chateau-d-artigny-restaurant_2-e1739809829234-400x527.jpg 400w, https:\/\/www.chateauartigny.com\/wp-content\/uploads\/chateau-d-artigny-restaurant_2-e1739809829234-600x790.jpg 600w, https:\/\/www.chateauartigny.com\/wp-content\/uploads\/chateau-d-artigny-restaurant_2-e1739809829234-768x1012.jpg 768w, https:\/\/www.chateauartigny.com\/wp-content\/uploads\/chateau-d-artigny-restaurant_2-e1739809829234-777x1024.jpg 777w, https:\/\/www.chateauartigny.com\/wp-content\/uploads\/chateau-d-artigny-restaurant_2-e1739809829234-800x1054.jpg 800w, https:\/\/www.chateauartigny.com\/wp-content\/uploads\/chateau-d-artigny-restaurant_2-e1739809829234.jpg 820w\" sizes=\"(max-width: 820px) 100vw, 820px\" \/><\/a><\/div><\/div><\/div><div class=\"swiper-slide\"><div class=\"fusion-carousel-item-wrapper\"><div class=\"fusion-image-wrapper hover-type-none\"><a data-rel=\"iLightbox[image_carousel_1]\" data-title=\"chateau-d-artigny-montbazon (44)\" aria-label=\"chateau-d-artigny-montbazon (44)\" href=\"https:\/\/www.chateauartigny.com\/wp-content\/uploads\/chateau-d-artigny-montbazon-44.jpg\" target=\"_self\"><img decoding=\"async\" width=\"2000\" height=\"2427\" src=\"https:\/\/www.chateauartigny.com\/wp-content\/uploads\/chateau-d-artigny-montbazon-44.jpg\" class=\"attachment-full size-full\" alt=\"[object Object]\" srcset=\"https:\/\/www.chateauartigny.com\/wp-content\/uploads\/chateau-d-artigny-montbazon-44-66x80.jpg 66w, https:\/\/www.chateauartigny.com\/wp-content\/uploads\/chateau-d-artigny-montbazon-44-124x150.jpg 124w, https:\/\/www.chateauartigny.com\/wp-content\/uploads\/chateau-d-artigny-montbazon-44-177x215.jpg 177w, https:\/\/www.chateauartigny.com\/wp-content\/uploads\/chateau-d-artigny-montbazon-44-200x243.jpg 200w, https:\/\/www.chateauartigny.com\/wp-content\/uploads\/chateau-d-artigny-montbazon-44-247x300.jpg 247w, https:\/\/www.chateauartigny.com\/wp-content\/uploads\/chateau-d-artigny-montbazon-44-300x364.jpg 300w, https:\/\/www.chateauartigny.com\/wp-content\/uploads\/chateau-d-artigny-montbazon-44-320x388.jpg 320w, https:\/\/www.chateauartigny.com\/wp-content\/uploads\/chateau-d-artigny-montbazon-44-400x485.jpg 400w, https:\/\/www.chateauartigny.com\/wp-content\/uploads\/chateau-d-artigny-montbazon-44-460x558.jpg 460w, https:\/\/www.chateauartigny.com\/wp-content\/uploads\/chateau-d-artigny-montbazon-44-540x655.jpg 540w, https:\/\/www.chateauartigny.com\/wp-content\/uploads\/chateau-d-artigny-montbazon-44-600x728.jpg 600w, https:\/\/www.chateauartigny.com\/wp-content\/uploads\/chateau-d-artigny-montbazon-44-669x812.jpg 669w, https:\/\/www.chateauartigny.com\/wp-content\/uploads\/chateau-d-artigny-montbazon-44-700x849.jpg 700w, https:\/\/www.chateauartigny.com\/wp-content\/uploads\/chateau-d-artigny-montbazon-44-768x932.jpg 768w, https:\/\/www.chateauartigny.com\/wp-content\/uploads\/chateau-d-artigny-montbazon-44-800x971.jpg 800w, https:\/\/www.chateauartigny.com\/wp-content\/uploads\/chateau-d-artigny-montbazon-44-844x1024.jpg 844w, https:\/\/www.chateauartigny.com\/wp-content\/uploads\/chateau-d-artigny-montbazon-44-940x1141.jpg 940w, https:\/\/www.chateauartigny.com\/wp-content\/uploads\/chateau-d-artigny-montbazon-44-1200x1456.jpg 1200w, https:\/\/www.chateauartigny.com\/wp-content\/uploads\/chateau-d-artigny-montbazon-44-1266x1536.jpg 1266w, https:\/\/www.chateauartigny.com\/wp-content\/uploads\/chateau-d-artigny-montbazon-44-1688x2048.jpg 1688w, https:\/\/www.chateauartigny.com\/wp-content\/uploads\/chateau-d-artigny-montbazon-44.jpg 2000w\" sizes=\"(max-width: 2000px) 100vw, 2000px\" \/><\/a><\/div><\/div><\/div><\/div><div class=\"awb-swiper-button awb-swiper-button-prev\"><i class=\"awb-icon-angle-left\" aria-hidden=\"true\"><\/i><\/div><div class=\"awb-swiper-button awb-swiper-button-next\"><i class=\"awb-icon-angle-right\" aria-hidden=\"true\"><\/i><\/div><\/div><\/div><\/div><\/div><div class=\"fusion-layout-column fusion_builder_column fusion-builder-column-6 fusion_builder_column_1_2 1_2 fusion-flex-column\" style=\"--awb-padding-left:20px;--awb-padding-top-medium:0px;--awb-padding-bottom-medium:0px;--awb-padding-bottom-small:0px;--awb-padding-left-small:0px;--awb-bg-position:right bottom;--awb-bg-blend:overlay;--awb-bg-size:cover;--awb-width-large:50%;--awb-margin-top-large:0px;--awb-spacing-right-large:0px;--awb-margin-bottom-large:0px;--awb-spacing-left-large:20px;--awb-width-medium:100%;--awb-order-medium:0;--awb-margin-top-medium:0px;--awb-spacing-right-medium:0px;--awb-margin-bottom-medium:0px;--awb-spacing-left-medium:0px;--awb-width-small:100%;--awb-order-small:0;--awb-margin-top-small:20px;--awb-spacing-right-small:calc( 0 * calc( 100% - 0px ) );--awb-margin-bottom-small:0px;--awb-spacing-left-small:calc( 0.004 * calc( 100% - 0px ) );\" data-scroll-devices=\"small-visibility,medium-visibility,large-visibility\"><div class=\"fusion-column-wrapper fusion-column-has-shadow fusion-flex-justify-content-flex-start fusion-content-layout-column\"><div class=\"fusion-title title fusion-title-4 fusion-title-text fusion-title-size-two\" style=\"--awb-margin-top-small:0px;--awb-margin-right-small:0px;--awb-margin-bottom-small:15px;--awb-margin-left-small:0px;--awb-font-size:var(--awb-typography2-font-size);\"><div class=\"title-sep-container title-sep-container-left fusion-no-large-visibility fusion-no-medium-visibility fusion-no-small-visibility\"><div class=\"title-sep sep- sep-solid\" style=\"border-color:var(--awb-color3);\"><\/div><\/div><span class=\"awb-title-spacer fusion-no-large-visibility fusion-no-medium-visibility fusion-no-small-visibility\"><\/span><h2 class=\"fusion-title-heading title-heading-left fusion-responsive-typography-calculated\" style=\"font-family:var(--awb-typography2-font-family);font-weight:var(--awb-typography2-font-weight);font-style:var(--awb-typography2-font-style);margin:0;text-transform:var(--awb-typography2-text-transform);font-size:1em;--fontSize:21;line-height:2;\">D\u00eda 2 Vino e historia en el Valle del Loira<\/h2><span class=\"awb-title-spacer\"><\/span><div class=\"title-sep-container title-sep-container-right\"><div class=\"title-sep sep- sep-solid\" style=\"border-color:var(--awb-color3);\"><\/div><\/div><\/div><div class=\"fusion-separator\" style=\"align-self: flex-start;margin-right:auto;margin-top:0px;margin-bottom:20px;width:100%;max-width:50px;\"><div class=\"fusion-separator-border sep-single sep-solid\" style=\"--awb-height:20px;--awb-amount:20px;--awb-sep-color:var(--awb-color4);border-color:var(--awb-color4);border-top-width:1px;\"><\/div><\/div><div class=\"fusion-text fusion-text-5 fusion-text-no-margin\" style=\"--awb-font-size:var(--awb-typography4-font-size);--awb-line-height:var(--awb-typography4-line-height);--awb-letter-spacing:var(--awb-typography4-letter-spacing);--awb-text-transform:var(--awb-typography4-text-transform);--awb-margin-bottom:50px;--awb-text-font-family:&quot;SangbleuKingdom light &quot;;--awb-text-font-style:normal;--awb-text-font-weight:400;\"><p><strong>Ma\u00f1ana: Visita a Villandry<\/strong><br \/>\nComience el d\u00eda desayunando en el castillo, con sus impresionantes vistas sobre el valle del Indre.<\/p>\n<p>A continuaci\u00f3n, dir\u00edjase al castillo de Villandry, famoso por sus magn\u00edficos jardines formales. Dedique la ma\u00f1ana a explorar los diferentes jardines tem\u00e1ticos y a disfrutar de la belleza y la serenidad del entorno.<\/p>\n<p><strong>Mediod\u00eda: Almuerzo en Tours<\/strong><br \/>\nParada en Tours, a unos 20 minutos de Villandry. Almuerce en uno de los restaurantes del Vieux Tours, barrio hist\u00f3rico de casas con entramado de madera. No deje de probar algunas de las especialidades locales, como las rillettes de Tours y el queso de cabra.<\/p>\n<p><strong>Tarde: Degustaci\u00f3n de vinos en Vouvray<\/strong><br \/>\nDespu\u00e9s de comer, dir\u00edjase a Vouvray, a unos veinte minutos de Tours. Visite una bodega y participe en una cata de vinos de la denominaci\u00f3n Vouvray, famosa por sus blancos dulces y espumosos.<\/p>\n<p>Al final de la tarde, regrese a Ch\u00e2teau d&#8217;Artigny para un \u00faltimo momento de descanso.<\/p>\n<p>Regreso a Par\u00eds<br \/>\nRecoja sus pertenencias y prep\u00e1rese para regresar a Par\u00eds. Si viaja en tren, puede coger un TGV a \u00faltima hora de la tarde en la estaci\u00f3n de Tours y estar de vuelta en Par\u00eds a primera hora de la noche.<\/p>\n<p>Consejos para aprovechar al m\u00e1ximo el fin de semana<br \/>\nNo olvide reservar con antelaci\u00f3n las visitas a los castillos y las catas de vino, sobre todo si viaja en temporada alta.<br \/>\nAlquilar un coche puede resultarle pr\u00e1ctico para desplazarse f\u00e1cilmente entre los castillos y las fincas.<\/p>\n<\/div><\/div><\/div><\/div><\/div><\/p>\n","protected":false},"excerpt":{"rendered":"","protected":false},"author":1,"featured_media":0,"parent":30579,"menu_order":0,"comment_status":"open","ping_status":"closed","template":"100-width.php","meta":{"_seopress_robots_primary_cat":"","_seopress_titles_title":"Escapada de 2 d\u00edas en el Valle del Loira desde Par\u00eds","_seopress_titles_desc":"Descubre el encanto del Valle del Loira desde Par\u00eds en solo 2 d\u00edas. Historia, cultura y paisajes \u00fanicos te esperan. \u00a1Planifica tu escapada ahora!","_seopress_robots_index":"","footnotes":""},"class_list":["post-30593","page","type-page","status-publish","hentry"],"_links":{"self":[{"href":"https:\/\/www.chateauartigny.com\/es\/wp-json\/wp\/v2\/pages\/30593","targetHints":{"allow":["GET"]}}],"collection":[{"href":"https:\/\/www.chateauartigny.com\/es\/wp-json\/wp\/v2\/pages"}],"about":[{"href":"https:\/\/www.chateauartigny.com\/es\/wp-json\/wp\/v2\/types\/page"}],"author":[{"embeddable":true,"href":"https:\/\/www.chateauartigny.com\/es\/wp-json\/wp\/v2\/users\/1"}],"replies":[{"embeddable":true,"href":"https:\/\/www.chateauartigny.com\/es\/wp-json\/wp\/v2\/comments?post=30593"}],"version-history":[{"count":7,"href":"https:\/\/www.chateauartigny.com\/es\/wp-json\/wp\/v2\/pages\/30593\/revisions"}],"predecessor-version":[{"id":30663,"href":"https:\/\/www.chateauartigny.com\/es\/wp-json\/wp\/v2\/pages\/30593\/revisions\/30663"}],"up":[{"embeddable":true,"href":"https:\/\/www.chateauartigny.com\/es\/wp-json\/wp\/v2\/pages\/30579"}],"wp:attachment":[{"href":"https:\/\/www.chateauartigny.com\/es\/wp-json\/wp\/v2\/media?parent=30593"}],"curies":[{"name":"wp","href":"https:\/\/api.w.org\/{rel}","templated":true}]}}